{"id":10615,"date":"2023-10-10T15:17:37","date_gmt":"2023-10-10T13:17:37","guid":{"rendered":"https:\/\/barbanti.it\/?page_id=10615"},"modified":"2023-10-23T10:30:49","modified_gmt":"2023-10-23T08:30:49","slug":"ahorro-energetico","status":"publish","type":"page","link":"https:\/\/barbanti.it\/es\/ahorro-energetico\/","title":{"rendered":"Ahorro energ\u00e9tico"},"content":{"rendered":"\t\t<div data-elementor-type=\"wp-page\" data-elementor-id=\"10615\" class=\"elementor elementor-10615 elementor-10611\" data-elementor-post-type=\"page\">\n\t\t\t\t\t\t\t\t\t<section class=\"elementor-section elementor-top-section elementor-element elementor-element-49278a0 elementor-section-boxed elementor-section-height-default elementor-section-height-default\" data-id=\"49278a0\" data-element_type=\"section\" data-settings=\"{&quot;background_background&quot;:&quot;classic&quot;}\">\n\t\t\t\t\t\t\t<div class=\"elementor-background-overlay\"><\/div>\n\t\t\t\t\t\t\t<div class=\"elementor-container elementor-column-gap-default\">\n\t\t\t\t\t<div class=\"elementor-column elementor-col-100 elementor-top-column elementor-element elementor-element-8d23512\" data-id=\"8d23512\" data-element_type=\"column\">\n\t\t\t<div class=\"elementor-widget-wrap elementor-element-populated\">\n\t\t\t\t\t\t\t\t<div class=\"elementor-element elementor-element-d83b5e3 elementor-widget elementor-widget-breadcrumbs\" data-id=\"d83b5e3\" data-element_type=\"widget\" data-widget_type=\"breadcrumbs.default\">\n\t\t\t\t<div class=\"elementor-widget-container\">\n\t\t\t<p id=\"breadcrumbs\"><\/p>\t\t<\/div>\n\t\t\t\t<\/div>\n\t\t\t\t\t<\/div>\n\t\t<\/div>\n\t\t\t\t\t\t\t<\/div>\n\t\t<\/section>\n\t\t\t\t<section class=\"elementor-section elementor-top-section elementor-element elementor-element-16e3a01 elementor-section-boxed elementor-section-height-default elementor-section-height-default\" data-id=\"16e3a01\" data-element_type=\"section\">\n\t\t\t\t\t\t<div class=\"elementor-container elementor-column-gap-default\">\n\t\t\t\t\t<div class=\"elementor-column elementor-col-50 elementor-top-column elementor-element elementor-element-05a0e9b\" data-id=\"05a0e9b\" data-element_type=\"column\">\n\t\t\t<div class=\"elementor-widget-wrap elementor-element-populated\">\n\t\t\t\t\t\t\t\t<div class=\"elementor-element elementor-element-1f61601 elementor-widget elementor-widget-heading\" data-id=\"1f61601\" data-element_type=\"widget\" data-widget_type=\"heading.default\">\n\t\t\t\t<div class=\"elementor-widget-container\">\n\t\t\t<h3 class=\"elementor-heading-title elementor-size-default\">RECUPERACI\u00d3N DEL CALOR<\/h3>\t\t<\/div>\n\t\t\t\t<\/div>\n\t\t\t\t<div class=\"elementor-element elementor-element-aa019d6 elementor-widget elementor-widget-text-editor\" data-id=\"aa019d6\" data-element_type=\"widget\" data-widget_type=\"text-editor.default\">\n\t\t\t\t<div class=\"elementor-widget-container\">\n\t\t\t\t\t\t\t<p><em>Nuestra patente de 2008<\/em><\/p>\t\t\t\t\t\t<\/div>\n\t\t\t\t<\/div>\n\t\t\t\t<section class=\"elementor-section elementor-inner-section elementor-element elementor-element-2be9553 elementor-section-boxed elementor-section-height-default elementor-section-height-default\" data-id=\"2be9553\" data-element_type=\"section\">\n\t\t\t\t\t\t<div class=\"elementor-container elementor-column-gap-default\">\n\t\t\t\t\t<div class=\"elementor-column elementor-col-100 elementor-inner-column elementor-element elementor-element-7abee1f\" data-id=\"7abee1f\" data-element_type=\"column\">\n\t\t\t<div class=\"elementor-widget-wrap elementor-element-populated\">\n\t\t\t\t\t\t\t\t<div class=\"elementor-element elementor-element-6fc6847 elementor-widget elementor-widget-text-editor\" data-id=\"6fc6847\" data-element_type=\"widget\" data-settings=\"{&quot;_animation&quot;:&quot;none&quot;}\" data-widget_type=\"text-editor.default\">\n\t\t\t\t<div class=\"elementor-widget-container\">\n\t\t\t\t\t\t\t<p>La campana recupera el aire caliente de la fase de secado y lo recicla para reutilizarlo, optimizando tanto el consumo de energ\u00eda como el rendimiento de la m\u00e1quina; adem\u00e1s, la m\u00e1quina no sobrecalienta el entorno de trabajo, manteni\u00e9ndolo m\u00e1s saludable.<\/p>\t\t\t\t\t\t<\/div>\n\t\t\t\t<\/div>\n\t\t\t\t\t<\/div>\n\t\t<\/div>\n\t\t\t\t\t\t\t<\/div>\n\t\t<\/section>\n\t\t\t\t<div class=\"elementor-element elementor-element-e62a45e elementor-widget elementor-widget-heading\" data-id=\"e62a45e\" data-element_type=\"widget\" data-widget_type=\"heading.default\">\n\t\t\t\t<div class=\"elementor-widget-container\">\n\t\t\t<h3 class=\"elementor-heading-title elementor-size-default\">RECIRCULACI\u00d3N DEL CONDENSADO<\/h3>\t\t<\/div>\n\t\t\t\t<\/div>\n\t\t\t\t<div class=\"elementor-element elementor-element-90e22a3 elementor-widget elementor-widget-text-editor\" data-id=\"90e22a3\" data-element_type=\"widget\" data-widget_type=\"text-editor.default\">\n\t\t\t\t<div class=\"elementor-widget-container\">\n\t\t\t\t\t\t\t<p><em>Nuestra patente de <\/em><em>2013<\/em><\/p>\t\t\t\t\t\t<\/div>\n\t\t\t\t<\/div>\n\t\t\t\t<section class=\"elementor-section elementor-inner-section elementor-element elementor-element-dc9af15 elementor-section-boxed elementor-section-height-default elementor-section-height-default\" data-id=\"dc9af15\" data-element_type=\"section\">\n\t\t\t\t\t\t<div class=\"elementor-container elementor-column-gap-default\">\n\t\t\t\t\t<div class=\"elementor-column elementor-col-100 elementor-inner-column elementor-element elementor-element-00efb29\" data-id=\"00efb29\" data-element_type=\"column\">\n\t\t\t<div class=\"elementor-widget-wrap elementor-element-populated\">\n\t\t\t\t\t\t\t\t<div class=\"elementor-element elementor-element-f0cccc5 elementor-widget elementor-widget-text-editor\" data-id=\"f0cccc5\" data-element_type=\"widget\" data-widget_type=\"text-editor.default\">\n\t\t\t\t<div class=\"elementor-widget-container\">\n\t\t\t\t\t\t\t<p>Hemos dise\u00f1ado y patentado este sistema de recuperaci\u00f3n que <strong>utiliza la alta temperatura del condensado para precalentar el aire interior<\/strong>, aumentando as\u00ed la temperatura y reduciendo el consumo y los costes energ\u00e9ticos.<\/p>\t\t\t\t\t\t<\/div>\n\t\t\t\t<\/div>\n\t\t\t\t\t<\/div>\n\t\t<\/div>\n\t\t\t\t\t\t\t<\/div>\n\t\t<\/section>\n\t\t\t\t<div class=\"elementor-element elementor-element-d3ac4a4 elementor-widget elementor-widget-heading\" data-id=\"d3ac4a4\" data-element_type=\"widget\" data-widget_type=\"heading.default\">\n\t\t\t\t<div class=\"elementor-widget-container\">\n\t\t\t<h3 class=\"elementor-heading-title elementor-size-default\">Stand by<\/h3>\t\t<\/div>\n\t\t\t\t<\/div>\n\t\t\t\t<div class=\"elementor-element elementor-element-9194556 elementor-widget elementor-widget-text-editor\" data-id=\"9194556\" data-element_type=\"widget\" data-widget_type=\"text-editor.default\">\n\t\t\t\t<div class=\"elementor-widget-container\">\n\t\t\t\t\t\t\t<p><em>Producido en 2014<\/em><\/p>\t\t\t\t\t\t<\/div>\n\t\t\t\t<\/div>\n\t\t\t\t<section class=\"elementor-section elementor-inner-section elementor-element elementor-element-626b7c4 elementor-section-boxed elementor-section-height-default elementor-section-height-default\" data-id=\"626b7c4\" data-element_type=\"section\">\n\t\t\t\t\t\t<div class=\"elementor-container elementor-column-gap-default\">\n\t\t\t\t\t<div class=\"elementor-column elementor-col-100 elementor-inner-column elementor-element elementor-element-4bfbcf7\" data-id=\"4bfbcf7\" data-element_type=\"column\">\n\t\t\t<div class=\"elementor-widget-wrap elementor-element-populated\">\n\t\t\t\t\t\t\t\t<div class=\"elementor-element elementor-element-9fe9796 elementor-widget elementor-widget-text-editor\" data-id=\"9fe9796\" data-element_type=\"widget\" data-settings=\"{&quot;_animation&quot;:&quot;none&quot;}\" data-widget_type=\"text-editor.default\">\n\t\t\t\t<div class=\"elementor-widget-container\">\n\t\t\t\t\t\t\t<h5>OPORTUNIDAD DE AHORRO ENERG\u00c9TICO<\/h5>\t\t\t\t\t\t<\/div>\n\t\t\t\t<\/div>\n\t\t\t\t<div class=\"elementor-element elementor-element-8c70feb elementor-widget elementor-widget-text-editor\" data-id=\"8c70feb\" data-element_type=\"widget\" data-widget_type=\"text-editor.default\">\n\t\t\t\t<div class=\"elementor-widget-container\">\n\t\t\t\t\t\t\t<strong>Se puede y se debe ahorrar:<\/strong>\n<ul>\n \t<li>para una reducci\u00f3n de la contaminaci\u00f3n global;<\/li>\n \t<li>para una integraci\u00f3n correcta en los estudios de sector;<\/li>\n \t<li>para un medio ambiente m\u00e1s sano;<\/li>\n<li>para una reducci\u00f3n del coste de la energ\u00eda, que siempre ser\u00e1 m\u00e1s cara y se comer\u00e1 los beneficios.<\/li>\n<\/ul>\t\t\t\t\t\t<\/div>\n\t\t\t\t<\/div>\n\t\t\t\t\t<\/div>\n\t\t<\/div>\n\t\t\t\t\t\t\t<\/div>\n\t\t<\/section>\n\t\t\t\t<section class=\"elementor-section elementor-inner-section elementor-element elementor-element-2e52c6a elementor-section-boxed elementor-section-height-default elementor-section-height-default\" data-id=\"2e52c6a\" data-element_type=\"section\">\n\t\t\t\t\t\t<div class=\"elementor-container elementor-column-gap-default\">\n\t\t\t\t\t<div class=\"elementor-column elementor-col-100 elementor-inner-column elementor-element elementor-element-7402994\" data-id=\"7402994\" data-element_type=\"column\">\n\t\t\t<div class=\"elementor-widget-wrap elementor-element-populated\">\n\t\t\t\t\t\t\t\t<div class=\"elementor-element elementor-element-1dcbd08 elementor-widget elementor-widget-text-editor\" data-id=\"1dcbd08\" data-element_type=\"widget\" data-widget_type=\"text-editor.default\">\n\t\t\t\t<div class=\"elementor-widget-container\">\n\t\t\t\t\t\t\t<p><strong>En una lavander\u00eda<\/strong>, el mayor consumo lo tenemos en el departamento de planchado, porque:<\/p><ul><li>Para una lavadora es f\u00e1cil calcular el consumo, que siempre es bajo en relaci\u00f3n con el n\u00famero de prendas lavadas, y cuando la lavadora se para el consumo es cero; en cambio, <strong>el consumo real resulta del proceso de acabado y es dif\u00edcil de calcular<\/strong>.<\/li><li>Con frecuencia se enciende la caldera al principio del d\u00eda, aunque se empiece a planchar al cabo de una hora.<\/li><li>Todas las m\u00e1quinas se mantienen en funcionamiento el\u00e9ctricamente y con vapor.<\/li><li>Las m\u00e1quinas no se apagan durante las pausas para comer.<\/li><li>Las m\u00e1quinas permanecen encendidas aunque no se utilicen.<\/li><li>A mitad de semana, el n\u00famero de prendas a planchar suele disminuir, pero los usuarios permanecen operativos.<\/li><\/ul><p><strong>Todo esto hace que el contador de la luz siga girando, los kW sigan sumando y la factura sea cada vez m\u00e1s alta.<\/strong><\/p>\t\t\t\t\t\t<\/div>\n\t\t\t\t<\/div>\n\t\t\t\t\t<\/div>\n\t\t<\/div>\n\t\t\t\t\t\t\t<\/div>\n\t\t<\/section>\n\t\t\t\t<section class=\"elementor-section elementor-inner-section elementor-element elementor-element-e652971 elementor-section-boxed elementor-section-height-default elementor-section-height-default\" data-id=\"e652971\" data-element_type=\"section\">\n\t\t\t\t\t\t<div class=\"elementor-container elementor-column-gap-default\">\n\t\t\t\t\t<div class=\"elementor-column elementor-col-100 elementor-inner-column elementor-element elementor-element-293eb9a\" data-id=\"293eb9a\" data-element_type=\"column\">\n\t\t\t<div class=\"elementor-widget-wrap elementor-element-populated\">\n\t\t\t\t\t\t\t\t<div class=\"elementor-element elementor-element-e881f64 elementor-widget elementor-widget-text-editor\" data-id=\"e881f64\" data-element_type=\"widget\" data-widget_type=\"text-editor.default\">\n\t\t\t\t<div class=\"elementor-widget-container\">\n\t\t\t\t\t\t\t<p>Para estar seguros de invertir esta situaci\u00f3n, hemos desarrollado un sistema que, gracias tambi\u00e9n al <strong>nuevo ordenador con pantalla t\u00e1ctil<\/strong>, adem\u00e1s de gestionar la m\u00e1quina de planchar con m\u00faltiples posibilidades, variantes y estad\u00edsticas, dispone de un <strong>modo stand-by<\/strong> que, si se programa, <strong>apaga la m\u00e1quina despu\u00e9s del tiempo preestablecido cuando no est\u00e1 en uso<\/strong>, desconect\u00e1ndola de las fuentes el\u00e9ctricas y de vapor, para una exclusi\u00f3n total del consumo.<\/p><p>Cuando llegue el momento de volver a utilizar la m\u00e1quina, s\u00f3lo tendr\u00e1 que pulsar un bot\u00f3n y un sistema patentado restablecer\u00e1 progresivamente las funciones, lo que le permitir\u00e1 volver a utilizarla en cuesti\u00f3n de minutos.<\/p><p>Tambi\u00e9n puede <strong>supervisar la producci\u00f3n, la productividad, los tiempos de inactividad, las estad\u00edsticas y los defectos de producci\u00f3n<\/strong> desde el ordenador de su oficina.<\/p>\t\t\t\t\t\t<\/div>\n\t\t\t\t<\/div>\n\t\t\t\t\t<\/div>\n\t\t<\/div>\n\t\t\t\t\t\t\t<\/div>\n\t\t<\/section>\n\t\t\t\t\t<\/div>\n\t\t<\/div>\n\t\t\t\t<div class=\"elementor-column elementor-col-50 elementor-top-column elementor-element elementor-element-82646e8\" data-id=\"82646e8\" data-element_type=\"column\">\n\t\t\t<div class=\"elementor-widget-wrap elementor-element-populated\">\n\t\t\t\t\t\t\t\t<section class=\"elementor-section elementor-inner-section elementor-element elementor-element-6b64780 elementor-section-boxed elementor-section-height-default elementor-section-height-default\" data-id=\"6b64780\" data-element_type=\"section\" id=\"sticky\">\n\t\t\t\t\t\t<div class=\"elementor-container elementor-column-gap-default\">\n\t\t\t\t\t<div class=\"elementor-column elementor-col-100 elementor-inner-column elementor-element elementor-element-a563be9 colonna-immagini\" data-id=\"a563be9\" data-element_type=\"column\">\n\t\t\t<div class=\"elementor-widget-wrap elementor-element-populated\">\n\t\t\t\t\t\t\t\t<div class=\"elementor-element elementor-element-5974f32 elementor-widget__width-initial elementor-widget elementor-widget-image\" data-id=\"5974f32\" data-element_type=\"widget\" data-widget_type=\"image.default\">\n\t\t\t\t<div class=\"elementor-widget-container\">\n\t\t\t\t\t\t\t\t\t\t\t\t\t\t\t<img loading=\"lazy\" decoding=\"async\" width=\"697\" height=\"595\" src=\"https:\/\/barbanti.it\/wp-content\/uploads\/2023\/10\/Barbanti-Recupero-calore.png\" class=\"attachment-large size-large wp-image-10653\" alt=\"\" srcset=\"https:\/\/barbanti.it\/wp-content\/uploads\/2023\/10\/Barbanti-Recupero-calore.png 697w, https:\/\/barbanti.it\/wp-content\/uploads\/2023\/10\/Barbanti-Recupero-calore-300x256.png 300w\" sizes=\"(max-width: 697px) 100vw, 697px\" \/>\t\t\t\t\t\t\t\t\t\t\t\t\t\t\t<\/div>\n\t\t\t\t<\/div>\n\t\t\t\t<div class=\"elementor-element elementor-element-6b2d092 elementor-widget__width-initial elementor-widget elementor-widget-text-editor\" data-id=\"6b2d092\" data-element_type=\"widget\" data-widget_type=\"text-editor.default\">\n\t\t\t\t<div class=\"elementor-widget-container\">\n\t\t\t\t\t\t\t<p><em>La foto, tomada con una c\u00e1mara termogr\u00e1fica, muestra claramente la perfecta y \u00f3ptima distribuci\u00f3n de la temperatura de la m\u00e1quina y la eficaz recuperaci\u00f3n del aire caliente a trav\u00e9s de la campana, sin que el operador (resaltado en la zona verde) se vea afectado por el calor mientras se encuentra en la zona de funcionamiento.<\/em><\/p>\t\t\t\t\t\t<\/div>\n\t\t\t\t<\/div>\n\t\t\t\t\t<\/div>\n\t\t<\/div>\n\t\t\t\t\t\t\t<\/div>\n\t\t<\/section>\n\t\t\t\t\t<\/div>\n\t\t<\/div>\n\t\t\t\t\t\t\t<\/div>\n\t\t<\/section>\n\t\t\t\t<section class=\"elementor-section elementor-top-section elementor-element elementor-element-fc6e9ba elementor-section-boxed elementor-section-height-default elementor-section-height-default\" data-id=\"fc6e9ba\" data-element_type=\"section\" data-settings=\"{&quot;background_background&quot;:&quot;classic&quot;}\">\n\t\t\t\t\t\t\t<div class=\"elementor-background-overlay\"><\/div>\n\t\t\t\t\t\t\t<div class=\"elementor-container elementor-column-gap-default\">\n\t\t\t\t\t<div class=\"elementor-column elementor-col-100 elementor-top-column elementor-element elementor-element-f588070\" data-id=\"f588070\" data-element_type=\"column\">\n\t\t\t<div class=\"elementor-widget-wrap elementor-element-populated\">\n\t\t\t\t\t\t\t\t<div class=\"elementor-element elementor-element-465205f elementor-widget elementor-widget-spacer\" data-id=\"465205f\" data-element_type=\"widget\" data-widget_type=\"spacer.default\">\n\t\t\t\t<div class=\"elementor-widget-container\">\n\t\t\t\t\t<div class=\"elementor-spacer\">\n\t\t\t<div class=\"elementor-spacer-inner\"><\/div>\n\t\t<\/div>\n\t\t\t\t<\/div>\n\t\t\t\t<\/div>\n\t\t\t\t\t<\/div>\n\t\t<\/div>\n\t\t\t\t\t\t\t<\/div>\n\t\t<\/section>\n\t\t\t\t\t\t\t<\/div>\n\t\t","protected":false},"excerpt":{"rendered":"<p>RECUPERACI\u00d3N DEL CALOR Nuestra patente de 2008 La campana recupera el aire caliente de la fase de secado y lo recicla para reutilizarlo, optimizando tanto el consumo de energ\u00eda como el rendimiento de la m\u00e1quina; adem\u00e1s, la m\u00e1quina no sobrecalienta el entorno de trabajo, manteni\u00e9ndolo m\u00e1s saludable. RECIRCULACI\u00d3N DEL CONDENSADO Nuestra patente de 2013 Hemos [&hellip;]<\/p>\n","protected":false},"author":1,"featured_media":10653,"parent":0,"menu_order":0,"comment_status":"closed","ping_status":"closed","template":"","meta":{"inline_featured_image":false,"footnotes":""},"acf":[],"yoast_head":"<!-- This site is optimized with the Yoast SEO plugin v21.5 - https:\/\/yoast.com\/wordpress\/plugins\/seo\/ -->\n<title>Ahorro energ\u00e9tico - Barbanti<\/title>\n<meta name=\"robots\" content=\"index, follow, max-snippet:-1, max-image-preview:large, max-video-preview:-1\" \/>\n<link rel=\"canonical\" href=\"https:\/\/barbanti.it\/es\/ahorro-energetico\/\" \/>\n<meta property=\"og:locale\" content=\"es_ES\" \/>\n<meta property=\"og:type\" content=\"article\" \/>\n<meta property=\"og:title\" content=\"Ahorro energ\u00e9tico - Barbanti\" \/>\n<meta property=\"og:description\" content=\"RECUPERACI\u00d3N DEL CALOR Nuestra patente de 2008 La campana recupera el aire caliente de la fase de secado y lo recicla para reutilizarlo, optimizando tanto el consumo de energ\u00eda como el rendimiento de la m\u00e1quina; adem\u00e1s, la m\u00e1quina no sobrecalienta el entorno de trabajo, manteni\u00e9ndolo m\u00e1s saludable. RECIRCULACI\u00d3N DEL CONDENSADO Nuestra patente de 2013 Hemos [&hellip;]\" \/>\n<meta property=\"og:url\" content=\"https:\/\/barbanti.it\/es\/ahorro-energetico\/\" \/>\n<meta property=\"og:site_name\" content=\"Barbanti\" \/>\n<meta property=\"article:modified_time\" content=\"2023-10-23T08:30:49+00:00\" \/>\n<meta property=\"og:image\" content=\"https:\/\/barbanti.it\/wp-content\/uploads\/2023\/10\/Barbanti-Recupero-calore.png\" \/>\n\t<meta property=\"og:image:width\" content=\"697\" \/>\n\t<meta property=\"og:image:height\" content=\"595\" \/>\n\t<meta property=\"og:image:type\" content=\"image\/png\" \/>\n<meta name=\"twitter:card\" content=\"summary_large_image\" \/>\n<meta name=\"twitter:label1\" content=\"Tiempo de lectura\" \/>\n\t<meta name=\"twitter:data1\" content=\"3 minutos\" \/>\n<script type=\"application\/ld+json\" class=\"yoast-schema-graph\">{\"@context\":\"https:\/\/schema.org\",\"@graph\":[{\"@type\":\"WebPage\",\"@id\":\"https:\/\/barbanti.it\/es\/ahorro-energetico\/\",\"url\":\"https:\/\/barbanti.it\/es\/ahorro-energetico\/\",\"name\":\"Ahorro energ\u00e9tico - Barbanti\",\"isPartOf\":{\"@id\":\"https:\/\/barbanti.it\/#website\"},\"datePublished\":\"2023-10-10T13:17:37+00:00\",\"dateModified\":\"2023-10-23T08:30:49+00:00\",\"inLanguage\":\"es\",\"potentialAction\":[{\"@type\":\"ReadAction\",\"target\":[\"https:\/\/barbanti.it\/es\/ahorro-energetico\/\"]}]},{\"@type\":\"WebSite\",\"@id\":\"https:\/\/barbanti.it\/#website\",\"url\":\"https:\/\/barbanti.it\/\",\"name\":\"Barbanti\",\"description\":\"Attrezzature per stiro industriale\",\"publisher\":{\"@id\":\"https:\/\/barbanti.it\/#organization\"},\"potentialAction\":[{\"@type\":\"SearchAction\",\"target\":{\"@type\":\"EntryPoint\",\"urlTemplate\":\"https:\/\/barbanti.it\/?s={search_term_string}\"},\"query-input\":\"required name=search_term_string\"}],\"inLanguage\":\"es\"},{\"@type\":\"Organization\",\"@id\":\"https:\/\/barbanti.it\/#organization\",\"name\":\"Barbanti\",\"url\":\"https:\/\/barbanti.it\/\",\"logo\":{\"@type\":\"ImageObject\",\"inLanguage\":\"es\",\"@id\":\"https:\/\/barbanti.it\/#\/schema\/logo\/image\/\",\"url\":\"https:\/\/barbanti.it\/wp-content\/uploads\/2020\/09\/logo.svg\",\"contentUrl\":\"https:\/\/barbanti.it\/wp-content\/uploads\/2020\/09\/logo.svg\",\"width\":449,\"height\":119,\"caption\":\"Barbanti\"},\"image\":{\"@id\":\"https:\/\/barbanti.it\/#\/schema\/logo\/image\/\"}}]}<\/script>\n<!-- \/ Yoast SEO plugin. -->","yoast_head_json":{"title":"Ahorro energ\u00e9tico - Barbanti","robots":{"index":"index","follow":"follow","max-snippet":"max-snippet:-1","max-image-preview":"max-image-preview:large","max-video-preview":"max-video-preview:-1"},"canonical":"https:\/\/barbanti.it\/es\/ahorro-energetico\/","og_locale":"es_ES","og_type":"article","og_title":"Ahorro energ\u00e9tico - Barbanti","og_description":"RECUPERACI\u00d3N DEL CALOR Nuestra patente de 2008 La campana recupera el aire caliente de la fase de secado y lo recicla para reutilizarlo, optimizando tanto el consumo de energ\u00eda como el rendimiento de la m\u00e1quina; adem\u00e1s, la m\u00e1quina no sobrecalienta el entorno de trabajo, manteni\u00e9ndolo m\u00e1s saludable. RECIRCULACI\u00d3N DEL CONDENSADO Nuestra patente de 2013 Hemos [&hellip;]","og_url":"https:\/\/barbanti.it\/es\/ahorro-energetico\/","og_site_name":"Barbanti","article_modified_time":"2023-10-23T08:30:49+00:00","og_image":[{"width":697,"height":595,"url":"https:\/\/barbanti.it\/wp-content\/uploads\/2023\/10\/Barbanti-Recupero-calore.png","type":"image\/png"}],"twitter_card":"summary_large_image","twitter_misc":{"Tiempo de lectura":"3 minutos"},"schema":{"@context":"https:\/\/schema.org","@graph":[{"@type":"WebPage","@id":"https:\/\/barbanti.it\/es\/ahorro-energetico\/","url":"https:\/\/barbanti.it\/es\/ahorro-energetico\/","name":"Ahorro energ\u00e9tico - Barbanti","isPartOf":{"@id":"https:\/\/barbanti.it\/#website"},"datePublished":"2023-10-10T13:17:37+00:00","dateModified":"2023-10-23T08:30:49+00:00","inLanguage":"es","potentialAction":[{"@type":"ReadAction","target":["https:\/\/barbanti.it\/es\/ahorro-energetico\/"]}]},{"@type":"WebSite","@id":"https:\/\/barbanti.it\/#website","url":"https:\/\/barbanti.it\/","name":"Barbanti","description":"Attrezzature per stiro industriale","publisher":{"@id":"https:\/\/barbanti.it\/#organization"},"potentialAction":[{"@type":"SearchAction","target":{"@type":"EntryPoint","urlTemplate":"https:\/\/barbanti.it\/?s={search_term_string}"},"query-input":"required name=search_term_string"}],"inLanguage":"es"},{"@type":"Organization","@id":"https:\/\/barbanti.it\/#organization","name":"Barbanti","url":"https:\/\/barbanti.it\/","logo":{"@type":"ImageObject","inLanguage":"es","@id":"https:\/\/barbanti.it\/#\/schema\/logo\/image\/","url":"https:\/\/barbanti.it\/wp-content\/uploads\/2020\/09\/logo.svg","contentUrl":"https:\/\/barbanti.it\/wp-content\/uploads\/2020\/09\/logo.svg","width":449,"height":119,"caption":"Barbanti"},"image":{"@id":"https:\/\/barbanti.it\/#\/schema\/logo\/image\/"}}]}},"_links":{"self":[{"href":"https:\/\/barbanti.it\/es\/wp-json\/wp\/v2\/pages\/10615"}],"collection":[{"href":"https:\/\/barbanti.it\/es\/wp-json\/wp\/v2\/pages"}],"about":[{"href":"https:\/\/barbanti.it\/es\/wp-json\/wp\/v2\/types\/page"}],"author":[{"embeddable":true,"href":"https:\/\/barbanti.it\/es\/wp-json\/wp\/v2\/users\/1"}],"replies":[{"embeddable":true,"href":"https:\/\/barbanti.it\/es\/wp-json\/wp\/v2\/comments?post=10615"}],"version-history":[{"count":23,"href":"https:\/\/barbanti.it\/es\/wp-json\/wp\/v2\/pages\/10615\/revisions"}],"predecessor-version":[{"id":11290,"href":"https:\/\/barbanti.it\/es\/wp-json\/wp\/v2\/pages\/10615\/revisions\/11290"}],"wp:featuredmedia":[{"embeddable":true,"href":"https:\/\/barbanti.it\/es\/wp-json\/wp\/v2\/media\/10653"}],"wp:attachment":[{"href":"https:\/\/barbanti.it\/es\/wp-json\/wp\/v2\/media?parent=10615"}],"curies":[{"name":"wp","href":"https:\/\/api.w.org\/{rel}","templated":true}]}}